{"id":834,"date":"2021-04-29T05:08:30","date_gmt":"2021-04-29T02:08:30","guid":{"rendered":"http:\/\/www.aslinsaat.com.tr\/?page_id=834"},"modified":"2024-06-09T22:54:45","modified_gmt":"2024-06-09T19:54:45","slug":"hakkimizda","status":"publish","type":"page","link":"https:\/\/www.aslinsaat.com.tr\/?page_id=834","title":{"rendered":"Hakk\u0131m\u0131zda"},"content":{"rendered":"<p>[vc_row el_class=&#8221;z-index&#8221; css=&#8221;.vc_custom_1619663553475{padding-top: 50px !important;}&#8221;][vc_column width=&#8221;1\/2&#8243;][vc_custom_heading text=&#8221;ASL \u0130N\u015eAAT&#8221; font_container=&#8221;tag:h4|text_align:left|color:%23001a36&#8243; use_theme_fonts=&#8221;yes&#8221; css=&#8221;.vc_custom_1631797800186{margin-top: 0px !important;margin-bottom: 20px !important;}&#8221;][vc_separator][vc_empty_space height=&#8221;10px&#8221;][vc_column_text]ASL \u0130n\u015faat, \u00e7eyrek as\u0131rl\u0131k tecr\u00fcbe ve bilgi birikimi ile konut, yol, k\u00f6pr\u00fc, havaliman\u0131, enerji, muhtelif projeler ve kentsel altyap\u0131 konular\u0131nda genel m\u00fcteahhitlik ve taahh\u00fct hizmetleri vermektedir. G\u00fcvenilir yap\u0131s\u0131 ve g\u00fc\u00e7l\u00fc teknik kadrosu ile etkin potansiyele sahip kurulu\u015fumuz, h\u0131zla s\u00fcrd\u00fcrd\u00fc\u011f\u00fc faaliyetlerini bundan sonra da ayn\u0131 verimlilik ile ulusal d\u00fczeyde s\u00fcrd\u00fcrme amac\u0131ndad\u0131r.<\/p>\n<p>Maliyet verimlili\u011fi ve operasyonel ba\u015far\u0131m\u0131z ile teknoloji ve k\u00fcresel alandaki ak\u0131lc\u0131 g\u00f6r\u00fc\u015f\u00fcm\u00fcz\u00fcn ortak paydas\u0131 sonucu \u00e7al\u0131\u015fmalar\u0131m\u0131z devam etmektedir. ASL \u0130n\u015faat, tecr\u00fcbesi ve yenilik\u00e7ilik anlay\u0131\u015f\u0131 ile ak\u0131lc\u0131 projeler ortaya koymaktad\u0131r.[\/vc_column_text][vc_custom_heading text=&#8221;M\u0130SYON:&#8221; font_container=&#8221;tag:h4|text_align:left|color:%23001a36&#8243; use_theme_fonts=&#8221;yes&#8221; css=&#8221;.vc_custom_1716930341577{margin-top: 32px !important;margin-bottom: 20px !important;}&#8221;][vc_separator][vc_empty_space height=&#8221;10px&#8221;][vc_column_text]Misyonumuz; g\u00fcvenilir ve d\u00fcr\u00fcst ilkeleriyle sekt\u00f6r\u00fcn \u00f6nc\u00fc isimlerden biri olarak nesiller boyu insanl\u0131\u011fa hizmet verecek ula\u015ft\u0131rma, \u00fcst yap\u0131 ve alt yap\u0131 projeleri \u00fcretme bilinci i\u00e7inde yapt\u0131\u011f\u0131 t\u00fcm projeleri kaliteli sorunsuz ve zaman\u0131nda yerine getirmektir. Hedefimiz; tamamlad\u0131\u011f\u0131m\u0131z ve devam eden t\u00fcm projelerimizde bulundu\u011fu b\u00f6lgeye de\u011fer katmak, y\u00fcksek kalitede \u00fcretim yapmak, modern ve estetik ya\u015fam alanlar\u0131 in\u015fa etmektir.<\/p>\n<p>Bir projenin ba\u015far\u0131s\u0131nda ki en vazge\u00e7ilmez unsurun insan fakt\u00f6r\u00fc oldu\u011funun bilinciyle, tecr\u00fcbelerini i\u015fe adam\u0131\u015f personelinin ya\u015fam kalitesine de\u011fer katmay\u0131 ilke edinerek in\u015faat sekt\u00f6r\u00fcndeki her t\u00fcrl\u00fc teknolojik geli\u015fme ve yenili\u011fi \u00fcretimin t\u00fcm alanlar\u0131na yans\u0131tarak do\u011faya zarar vermeden \u015fekillendirip, insanl\u0131\u011fa nesiller boyu hizmet verecek yap\u0131lar\u0131 olu\u015fturmak ana ilkelerimizdendir.[\/vc_column_text][vc_custom_heading text=&#8221;V\u0130ZYON:&#8221; font_container=&#8221;tag:h4|text_align:left|color:%23001a36&#8243; use_theme_fonts=&#8221;yes&#8221; css=&#8221;.vc_custom_1716930460935{margin-top: 32px !important;margin-bottom: 20px !important;}&#8221;][vc_separator][vc_empty_space height=&#8221;10px&#8221;][vc_column_text]ASL \u0130n\u015faat, ger\u00e7ekle\u015ftirdi\u011fi ve devam eden i\u015flerine art\u0131 de\u011fer getirecek ve fark yaratacak \u015fekilde faaliyetlerini s\u00fcrd\u00fcr\u00fcr. D\u00fcnya ve \u00fclke \u00e7ap\u0131nda \u00f6nc\u00fc, giri\u015fimcilik ruhu ta\u015f\u0131yan, ilk ve \u00f6rnek olma \u00f6zelli\u011fi ta\u015f\u0131yan tasar\u0131mlar ve uygulamalar \u0131\u015f\u0131\u011f\u0131nda geli\u015ftirdi\u011fimiz ve ger\u00e7ekle\u015ftirdi\u011fimiz projeler ile \u00fclkemizin \u00f6nemli mihenk ta\u015f\u0131 yap\u0131lar\u0131n\u0131 in\u015fa etmektedir. T\u00fcm yap\u0131lar\u0131m\u0131zda, \u00f6zellikle \u00e7evre duyarl\u0131l\u0131\u011f\u0131n\u0131 ve g\u00fcvenli\u011fini \u00f6n planda tutarak fonksiyonel ve kalite odakl\u0131 ya\u015fam alanlar\u0131 olu\u015fturmay\u0131 hedef edinmi\u015ftir.[\/vc_column_text][vc_custom_heading text=&#8221;DE\u011eERLER\u0130M\u0130Z:&#8221; font_container=&#8221;tag:h4|text_align:left|color:%23001a36&#8243; use_theme_fonts=&#8221;yes&#8221; css=&#8221;.vc_custom_1716931045764{margin-top: 32px !important;margin-bottom: 20px !important;}&#8221;][vc_separator][vc_empty_space height=&#8221;10px&#8221;][vc_column_text]Sekt\u00f6rdeki geli\u015fen teknolojileri takip ederek y\u00fcksek ve evrensel standartlarda kaliteli ve daha sa\u011fl\u0131kl\u0131 projeler \u00fcretmek ve uygulamak, projelere \u00f6zg\u00fc \u00f6zel \u00e7\u00f6z\u00fcmler geli\u015ftirerek yenilik\u00e7i ve yarat\u0131c\u0131 sonu\u00e7lara ula\u015fmak, g\u00fcven, d\u00fcr\u00fcstl\u00fck ve sosyal sorumluluk prensiplerine daima sahip \u00e7\u0131kmak, do\u011fruluk ve g\u00fcveni en \u00f6nemli de\u011fer olarak kabul etmek ve \u00fcst\u00fcn \u00e7evre duyarl\u0131l\u0131\u011f\u0131 ile hareket ederek \u00f6rnek projelere imza atmak ASL \u0130n\u015faat\u2019\u0131n de\u011ferleri aras\u0131ndad\u0131r.[\/vc_column_text][vc_empty_space][\/vc_column][vc_column width=&#8221;1\/2&#8243;][vc_empty_space][vc_custom_heading text=&#8221;\u015e\u0130RKET POL\u0130T\u0130KASI&#8221; font_container=&#8221;tag:h4|text_align:left|color:%23001a36&#8243; use_theme_fonts=&#8221;yes&#8221; css=&#8221;.vc_custom_1717962862614{margin-top: 0px !important;margin-bottom: 20px !important;}&#8221;][vc_column_text]<\/p>\n<table style=\"height: 45px;\" width=\"240\">\n<tbody>\n<tr>\n<td width=\"105\">Yay\u0131n Tarihi<\/td>\n<td width=\"105\">03.07.2017<\/td>\n<\/tr>\n<tr>\n<td width=\"105\">Revizyon No<\/td>\n<td width=\"105\">0<\/td>\n<\/tr>\n<\/tbody>\n<\/table>\n<p>&nbsp;<\/p>\n<p>Sekt\u00f6r\u00fcm\u00fczde kalite ve \u00e7evreye duyarl\u0131l\u0131k ile \u00f6zde\u015fle\u015fmi\u015f bir firma olma hedefi do\u011frultusunda tak\u0131m anlay\u0131\u015f\u0131 ile \u00e7al\u0131\u015fmak \u00e7al\u0131\u015fanlar\u0131n memnuniyetine ve s\u00fcrekli e\u011fitimine \u00f6nem vermek. G\u00fcvenilir bir firma olma y\u00f6n\u00fcnde firmam\u0131z hedeflerine, yasal \u015fartlara ve m\u00fc\u015fteri \u015fartlar\u0131na uyarak verdi\u011fimiz hizmeti s\u00fcrekli iyile\u015ftirerek m\u00fc\u015fterilerimize g\u00fcvenli, uygun maliyetli hizmet sunmak, kalite y\u00f6netim sistemi \u015fartlar\u0131na uymak ve etkinli\u011fini s\u00fcrekli iyile\u015ftirmektir. Kadromuz; Deneyimli, g\u00fcvenilir ve sistemli \u00e7al\u0131\u015farak y\u0131llar\u0131n vermi\u015f oldu\u011fu uzman birikim ve tecr\u00fcbeyle her zaman daha iyisini yapmay\u0131 ama\u00e7lam\u0131\u015ft\u0131r. Zaman\u0131n\u0131z bizim i\u00e7in k\u0131ymetlidir. A\u015fa\u011f\u0131da listenen maddeler \u015firketimizin entegre y\u00f6netim sistemi politikas\u0131n\u0131n temellerini olu\u015fturmaktad\u0131r.<\/p>\n<ul>\n<li>S\u00fcrekli iyile\u015ftirme faaliyetlerini tedarik\u00e7ilerimiz ve ilgili taraflar\u0131m\u0131zla kar\u015f\u0131l\u0131kl\u0131 i\u015fbirli\u011fi ve g\u00fcven i\u00e7erisinde \u00e7al\u0131\u015farak sa\u011flamakt\u0131r.<\/li>\n<li>Entegre y\u00f6netim sisteminin etkinli\u011fini s\u00fcrekli denetleyerek ve gerekli g\u00f6r\u00fclen iyile\u015ftirmeleri ger\u00e7ekle\u015ftirerek uygulanabilir \u015fartlar\u0131 sa\u011flamak ve y\u00fcr\u00fctmektir<\/li>\n<li>Kurumumuzda kat\u0131l\u0131mc\u0131 ve \u00e7o\u011fulcu y\u00f6netim anlay\u0131\u015f\u0131n\u0131n olu\u015fmas\u0131n\u0131 sa\u011flamak ve bu ama\u00e7la t\u00fcm proseslerimizde Liderli\u011fi ve \u00e7al\u0131\u015fan kat\u0131l\u0131m\u0131n\u0131 te\u015fvik etmektir.<\/li>\n<li>Do\u011fal kaynaklar\u0131 korumak ve en verimli \u015fekilde kullanmakt\u0131r.<\/li>\n<li>At\u0131klar\u0131 m\u00fcmk\u00fcn oldu\u011funca kayna\u011f\u0131nda azaltarak veya geri kazanma oranlar\u0131n\u0131 s\u00fcrekli iyile\u015ftirerek kirlili\u011fi \u00f6nlemek.<\/li>\n<li>Olas\u0131 \u00e7evresel etkileri kontrol alt\u0131nda tutmak ve azaltmak yoluyla \u00e7evreyi korumak.<\/li>\n<li>Yasal y\u00fck\u00fcml\u00fcl\u00fcklerin yerine getirildi\u011fi, t\u00fcm \u00e7al\u0131\u015fanlar\u0131n, ta\u015feronlar\u0131n ve tedarik\u00e7ilerin \u0130\u015f Sa\u011fl\u0131\u011f\u0131 ve G\u00fcvenli\u011fi Prosed\u00fcrlerine uyarken ayn\u0131 zamanda uygulama ve geli\u015fimine katk\u0131 sa\u011flad\u0131\u011f\u0131, g\u00fc\u00e7l\u00fc ve s\u00fcrd\u00fcr\u00fclebilir bir i\u015f sa\u011fl\u0131\u011f\u0131, g\u00fcvenli\u011fi \u00a0k\u00fclt\u00fcr\u00fc olu\u015fturaca\u011f\u0131n\u0131,<\/li>\n<li>Etkile\u015fimde bulundu\u011fu t\u00fcm ki\u015filerin \u00fcstlendikleri vazifelerdeki \u0130\u015f Sa\u011fl\u0131\u011f\u0131, G\u00fcvenli\u011fi, \u00c7evre ve Kalk\u0131nma ile ilgili sorumluluklar\u0131n\u0131 anlamalar\u0131 ve uygulamalar\u0131 i\u00e7in bilin\u00e7 seviyesini artt\u0131raca\u011f\u0131n\u0131,<\/li>\n<li>\u00c7al\u0131\u015fanlar\u0131n\u0131, ta\u015feronlar\u0131n\u0131, tedarik\u00e7ilerini ve m\u00fc\u015fterilerini i\u015f sa\u011fl\u0131\u011f\u0131 ve g\u00fcvenli\u011fiyle ilgili konulara dahil ederek, s\u00fcrekli geli\u015fim i\u00e7in faaliyetlerindeki tehlikeleri ortadan kald\u0131rmak ve riskleri azaltmay\u0131 sa\u011flamay\u0131 hedeflemektedir.<\/li>\n<\/ul>\n<p>&nbsp;<\/p>\n<p>&nbsp;<\/p>\n<p>Dok\u00fcman No : DD.01\u00a0\u00a0 Yay\u0131n Tarihi : 03.07.2017[\/vc_column_text][\/vc_column][\/vc_row]<\/p>\n","protected":false},"excerpt":{"rendered":"<p>[vc_row el_class=&#8221;z-index&#8221; css=&#8221;.vc_custom_1619663553475{padding-top: 50px !important;}&#8221;][vc_column width=&#8221;1\/2&#8243;][vc_custom_heading text=&#8221;ASL \u0130N\u015eAAT&#8221; font_container=&#8221;tag:h4|text_align:left|color:%23001a36&#8243; use_theme_fonts=&#8221;yes&#8221; css=&#8221;.vc_custom_1631797800186{margin-top: 0px !important;margin-bottom: 20px !important;}&#8221;][vc_separator][vc_empty_space height=&#8221;10px&#8221;][vc_column_text]ASL \u0130n\u015faat, \u00e7eyrek as\u0131rl\u0131k tecr\u00fcbe ve bilgi birikimi ile konut, yol, k\u00f6pr\u00fc, havaliman\u0131, enerji, muhtelif projeler ve kentsel altyap\u0131 konular\u0131nda genel m\u00fcteahhitlik ve taahh\u00fct hizmetleri vermektedir. G\u00fcvenilir yap\u0131s\u0131 ve g\u00fc\u00e7l\u00fc teknik kadrosu ile etkin potansiyele sahip kurulu\u015fumuz, h\u0131zla s\u00fcrd\u00fcrd\u00fc\u011f\u00fc faaliyetlerini [&hellip;]<\/p>\n","protected":false},"author":2,"featured_media":0,"parent":0,"menu_order":0,"comment_status":"closed","ping_status":"closed","template":"page-templates\/template-fullwidth.php","meta":{"footnotes":""},"_links":{"self":[{"href":"https:\/\/www.aslinsaat.com.tr\/index.php?rest_route=\/wp\/v2\/pages\/834"}],"collection":[{"href":"https:\/\/www.aslinsaat.com.tr\/index.php?rest_route=\/wp\/v2\/pages"}],"about":[{"href":"https:\/\/www.aslinsaat.com.tr\/index.php?rest_route=\/wp\/v2\/types\/page"}],"author":[{"embeddable":true,"href":"https:\/\/www.aslinsaat.com.tr\/index.php?rest_route=\/wp\/v2\/users\/2"}],"replies":[{"embeddable":true,"href":"https:\/\/www.aslinsaat.com.tr\/index.php?rest_route=%2Fwp%2Fv2%2Fcomments&post=834"}],"version-history":[{"count":63,"href":"https:\/\/www.aslinsaat.com.tr\/index.php?rest_route=\/wp\/v2\/pages\/834\/revisions"}],"predecessor-version":[{"id":1626,"href":"https:\/\/www.aslinsaat.com.tr\/index.php?rest_route=\/wp\/v2\/pages\/834\/revisions\/1626"}],"wp:attachment":[{"href":"https:\/\/www.aslinsaat.com.tr\/index.php?rest_route=%2Fwp%2Fv2%2Fmedia&parent=834"}],"curies":[{"name":"wp","href":"https:\/\/api.w.org\/{rel}","templated":true}]}}